{"id":506,"date":"2021-09-21T19:37:33","date_gmt":"2021-09-21T17:37:33","guid":{"rendered":"http:\/\/asfastri.fr\/?page_id=506"},"modified":"2024-11-18T13:49:02","modified_gmt":"2024-11-18T12:49:02","slug":"les-stages-2","status":"publish","type":"page","link":"https:\/\/asfastri.fr\/index.php\/le-club\/les-stages-2\/","title":{"rendered":"Les stages"},"content":{"rendered":"\n<p> Depuis des ann\u00e9es l&rsquo;Orl\u00e9ans Asfas Triathlon organise des stages de 4 jours afin de  d\u00e9couvrir diff\u00e9rents terrains de pratique. (Annecy, le Mont d\u2019or,  l\u2019Ard\u00e8che\u2026). <\/p>\n\n\n\n<p>\nUne ambiance familiale et conviviale donne envie \u00e0 tous de vouloir \nrenouveler l\u2019exp\u00e9rience qui leur permet de nager, rouler et courir dans \nd\u2019autres superbes r\u00e9gions !\n\n<\/p>\n\n\n\n<figure class=\"wp-block-image\"><img decoding=\"async\" src=\"http:\/\/asfastri.fr\/wp-content\/uploads\/2023\/09\/1693588838413-1024x768.jpg\" alt=\"\" class=\"wp-image-1130\"\/><\/figure>\n\n\n\n<p class=\"has-text-align-center has-vivid-red-color has-text-color has-medium-font-size\"><strong>Des stages d&rsquo;un weekend sont \u00e9galement organis\u00e9s <\/strong><\/p>\n\n\n\n<figure class=\"wp-block-gallery has-nested-images columns-default is-cropped wp-block-gallery-1 is-layout-flex wp-block-gallery-is-layout-flex\">\n<figure class=\"wp-block-image\"><img decoding=\"async\" data-id=\"526\" src=\"http:\/\/asfastri.fr\/wp-content\/uploads\/2021\/09\/20210612_182009-1024x498.jpg\" alt=\"\" class=\"wp-image-526\"\/><\/figure>\n\n\n\n<figure class=\"wp-block-image\"><img decoding=\"async\" data-id=\"557\" src=\"http:\/\/asfastri.fr\/wp-content\/uploads\/2021\/09\/20210612_145547-1024x576.jpg\" alt=\"\" class=\"wp-image-557\"\/><\/figure>\n\n\n\n<figure class=\"wp-block-image\"><img decoding=\"async\" data-id=\"559\" src=\"http:\/\/asfastri.fr\/wp-content\/uploads\/2021\/09\/IMG-20210613-WA0012-1024x768.jpg\" alt=\"\" class=\"wp-image-559\"\/><\/figure>\n\n\n\n<figure class=\"wp-block-image\"><img decoding=\"async\" data-id=\"560\" src=\"http:\/\/asfastri.fr\/wp-content\/uploads\/2021\/09\/IMG-20210616-WA0000-1024x498.jpg\" alt=\"\" class=\"wp-image-560\"\/><\/figure>\n<\/figure>\n\n\n\n<p class=\"has-text-align-center\"><strong>bonne humeur des athl\u00e8tes de l&rsquo;Orl\u00e9ans Asfas Triathlon <\/strong><\/p>\n\n\n\n<p class=\"has-text-align-center\"><strong>\u00e0 l&rsquo;\u00e9tang du puits juin 2021<\/strong><\/p>\n","protected":false},"excerpt":{"rendered":"<p>Depuis des ann\u00e9es l&rsquo;Orl\u00e9ans Asfas Triathlon organise des stages de 4 jours afin de d\u00e9couvrir diff\u00e9rents terrains de pratique. (Annecy, le Mont d\u2019or, l\u2019Ard\u00e8che\u2026). Une ambiance familiale et conviviale donne envie \u00e0 tous de vouloir renouveler l\u2019exp\u00e9rience qui leur permet de nager, rouler et courir dans d\u2019autres superbes r\u00e9gions ! Des stages d&rsquo;un weekend sont &hellip; <\/p>\n","protected":false},"author":1,"featured_media":1684,"parent":84,"menu_order":0,"comment_status":"closed","ping_status":"closed","template":"","meta":{"footnotes":""},"class_list":["post-506","page","type-page","status-publish","has-post-thumbnail","hentry"],"_links":{"self":[{"href":"https:\/\/asfastri.fr\/index.php\/wp-json\/wp\/v2\/pages\/506","targetHints":{"allow":["GET"]}}],"collection":[{"href":"https:\/\/asfastri.fr\/index.php\/wp-json\/wp\/v2\/pages"}],"about":[{"href":"https:\/\/asfastri.fr\/index.php\/wp-json\/wp\/v2\/types\/page"}],"author":[{"embeddable":true,"href":"https:\/\/asfastri.fr\/index.php\/wp-json\/wp\/v2\/users\/1"}],"replies":[{"embeddable":true,"href":"https:\/\/asfastri.fr\/index.php\/wp-json\/wp\/v2\/comments?post=506"}],"version-history":[{"count":9,"href":"https:\/\/asfastri.fr\/index.php\/wp-json\/wp\/v2\/pages\/506\/revisions"}],"predecessor-version":[{"id":1685,"href":"https:\/\/asfastri.fr\/index.php\/wp-json\/wp\/v2\/pages\/506\/revisions\/1685"}],"up":[{"embeddable":true,"href":"https:\/\/asfastri.fr\/index.php\/wp-json\/wp\/v2\/pages\/84"}],"wp:featuredmedia":[{"embeddable":true,"href":"https:\/\/asfastri.fr\/index.php\/wp-json\/wp\/v2\/media\/1684"}],"wp:attachment":[{"href":"https:\/\/asfastri.fr\/index.php\/wp-json\/wp\/v2\/media?parent=506"}],"curies":[{"name":"wp","href":"https:\/\/api.w.org\/{rel}","templated":true}]}}